{"id":298,"date":"2025-06-13T14:14:51","date_gmt":"2025-06-13T12:14:51","guid":{"rendered":"https:\/\/karne.pl\/?page_id=298"},"modified":"2025-06-13T21:37:54","modified_gmt":"2025-06-13T19:37:54","slug":"aktualnosci","status":"publish","type":"page","link":"https:\/\/karne.pl\/index.php\/aktualnosci\/","title":{"rendered":"Aktualno\u015bci"},"content":{"rendered":"\n<h3 class=\"wp-block-heading\">Aktualne przepisy i zmiany w Prawie Karnym<\/h3>\n\n\n\n<div style=\"height:20px\" aria-hidden=\"true\" class=\"wp-block-spacer\"><\/div>\n\n\n<ul class=\"wp-block-latest-posts__list has-dates wp-block-latest-posts\"><li><a class=\"wp-block-latest-posts__post-title\" href=\"https:\/\/karne.pl\/index.php\/warunkowe-przedterminowe-zwolnienie\/\">\u201eWarunkowe przedterminowe zwolnienie\u201d<\/a><time datetime=\"2026-04-14T13:01:19+02:00\" class=\"wp-block-latest-posts__post-date\">2026-04-14<\/time><div class=\"wp-block-latest-posts__post-full-content\"><!-- wp:paragraph -->\n<p>Warunkowe przedterminowe zwolnienie jest jednym z \u015brodk\u00f3w probacyjnych przewidzianych w Kodeksie karnym. Oznacza to, \u017ce instytucja ta zak\u0142ada poddanie sprawcy pr\u00f3bie.<\/p>\n<!-- \/wp:paragraph -->\n\n<!-- wp:paragraph -->\n<p>Zasadniczo, warunkowe przedterminowe zwolnienie mo\u017cliwe jest po odbyciu przez skazanego co najmniej po\u0142owy orzeczonej kary pozbawienia wolno\u015bci, je\u015bli wobec niego mo\u017ce zosta\u0107 postawiona tzw. pozytywna prognoza, uzasadniaj\u0105ca przekonanie, \u017ce skazany po zwolnieniu nie pope\u0142ni ponownie przest\u0119pstwa i b\u0119dzie stosowa\u0142 si\u0119 do orzeczonych wobec niego \u015brodk\u00f3w karnych i zabezpieczaj\u0105cych. Przy stawianiu takiej prognozy pod uwag\u0119 bierze si\u0119 mi\u0119dzy innymi postaw\u0119 skazanego, warunki osobiste czy te\u017c jego zachowanie podczas odbywania kary.<\/p>\n<!-- \/wp:paragraph -->\n\n<!-- wp:paragraph -->\n<p>Okres pr\u00f3by trwa od 2 do 5 lat, 10 lat w razie warunkowego zwolnienia z kary pozbawienia wolno\u015bci w wymiarze 25 lat lub surowszym, a w przypadku do\u017cywotniego pozbawienia wolno\u015bci okres pr\u00f3by trwa do\u017cywotnio. Warunkowo zwolnionego s\u0105d mo\u017ce w okresie pr\u00f3by odda\u0107 pod doz\u00f3r kuratora s\u0105dowego oraz na\u0142o\u017cy\u0107 na niego pewne obowi\u0105zki, np. obowi\u0105zek informowania o przebiegu okresu pr\u00f3by. Istotne jest, \u017ce s\u0105d mo\u017ce (fakultatywnie) odwo\u0142a\u0107 warunkowe zwolnienie, gdy skazany uchyla si\u0119 od dozoru lub nie wykonuje na\u0142o\u017conych obowi\u0105zk\u00f3w.<\/p>\n<!-- \/wp:paragraph -->\n\n<!-- wp:paragraph -->\n<p>S\u0105d obligatoryjnie odwo\u0142uje warunkowe zwolnienie, je\u015bli skazany w okresie pr\u00f3by pope\u0142ni\u0142 przest\u0119pstwo umy\u015blne, za kt\u00f3re zosta\u0142 prawomocnie skazany, a tak\u017ce gdy skazany za przest\u0119pstwo pope\u0142nione z u\u017cyciem przemocy lub gro\u017aby wobec osoby najbli\u017cszej w okresie pr\u00f3by ra\u017c\u0105co narusza porz\u0105dek prawny, ponownie stosuj\u0105c przemoc lub gro\u017ab\u0119.<\/p>\n<!-- \/wp:paragraph -->\n\n<!-- wp:paragraph -->\n<p>W przypadku pomy\u015blnego przebiegu okresu pr\u00f3by kar\u0119 uwa\u017ca si\u0119 za odbyt\u0105 z chwil\u0105 warunkowego zwolnienia.<\/p>\n<!-- \/wp:paragraph -->\n\n<!-- wp:paragraph -->\n<p>Co ciekawe, obowi\u0105zuj\u0105ca ustawa karna zastrzega dla s\u0105du mo\u017cliwo\u015b\u0107 wyznaczenia surowszych ogranicze\u0144 do skorzystania przez skazanego z warunkowego zwolnienia w szczeg\u00f3lnych okoliczno\u015bciach, takich jak np. przewidzenie d\u0142u\u017cszego okresu odbycia kary zanim warunkowe zwolnienie stanie si\u0119 dopuszczalne. Przepisy id\u0105 nawet dalej, umo\u017cliwiaj\u0105c s\u0105dowi orzeczenie ca\u0142kowitego zakazu warunkowego przedterminowego zwolnienia. Taka mo\u017cliwo\u015b\u0107 przewidziana jest mi\u0119dzy innymi przy wymierzaniu kary do\u017cywotniego pozbawienia wolno\u015bci za czyn pope\u0142niony przez niego po prawomocnym skazaniu za przest\u0119pstwo przeciwko \u017cyciu i zdrowiu czy te\u017c, gdy charakter czynu oraz w\u0142a\u015bciwo\u015bci osobiste sprawcy wskazuj\u0105, \u017ce jego pozostawanie na wolno\u015bci spowoduje trwa\u0142e niebezpiecze\u0144stwo. Regulacje te jednak budz\u0105 du\u017ce w\u0105tpliwo\u015bci konstytucyjne.<br><br><\/p>\n<!-- \/wp:paragraph -->\n\n<!-- wp:paragraph -->\n<p><\/p>\n<!-- \/wp:paragraph --><\/div><\/li>\n<\/ul>\n\n\n<div style=\"height:20px\" aria-hidden=\"true\" class=\"wp-block-spacer\"><\/div>\n\n\n\n<hr class=\"wp-block-separator has-text-color has-alpha-channel-opacity has-background\" style=\"background-color:#ab5705;color:#ab5705\"\/>\n\n\n<ul class=\"wp-block-latest-posts__list has-dates wp-block-latest-posts\"><li><a class=\"wp-block-latest-posts__post-title\" href=\"https:\/\/karne.pl\/index.php\/warunkowe-przedterminowe-zwolnienie\/\">\u201eWarunkowe przedterminowe zwolnienie\u201d<\/a><time datetime=\"2026-04-14T13:01:19+02:00\" class=\"wp-block-latest-posts__post-date\">2026-04-14<\/time><\/li>\n<li><a class=\"wp-block-latest-posts__post-title\" href=\"https:\/\/karne.pl\/index.php\/znieslawienie-jak-rozumiec-przepisy-kodeksu-karnego\/\">Znies\u0142awienie \u2013 jak rozumie\u0107 przepisy Kodeksu karnego?<\/a><time datetime=\"2026-03-09T12:37:59+01:00\" class=\"wp-block-latest-posts__post-date\">2026-03-09<\/time><\/li>\n<li><a class=\"wp-block-latest-posts__post-title\" href=\"https:\/\/karne.pl\/index.php\/nowe-zasady-przesluchiwania-swiadkow-z-zaburzeniami-psychicznymi-i-rozwojowymi\/\">Nowe zasady przes\u0142uchiwania \u015bwiadk\u00f3w z zaburzeniami psychicznymi i rozwojowymi<\/a><time datetime=\"2026-02-07T10:22:31+01:00\" class=\"wp-block-latest-posts__post-date\">2026-02-07<\/time><\/li>\n<li><a class=\"wp-block-latest-posts__post-title\" href=\"https:\/\/karne.pl\/index.php\/zabezpieczanie-danych-informatycznych\/\">Zabezpieczanie danych informatycznych<\/a><time datetime=\"2026-01-22T13:07:14+01:00\" class=\"wp-block-latest-posts__post-date\">2026-01-22<\/time><\/li>\n<li><a class=\"wp-block-latest-posts__post-title\" href=\"https:\/\/karne.pl\/index.php\/nielegalna-adopcja-w-swietle-nowelizacji-kodeksu-karnego-w-2019-r\/\">Nielegalna adopcja w \u015bwietle nowelizacji Kodeksu Karnego w 2019 r.<\/a><time datetime=\"2025-12-06T13:59:34+01:00\" class=\"wp-block-latest-posts__post-date\">2025-12-06<\/time><\/li>\n<li><a class=\"wp-block-latest-posts__post-title\" href=\"https:\/\/karne.pl\/index.php\/obowiazkowy-przepadek-samochodu\/\">Obowi\u0105zkowy przepadek samochodu<\/a><time datetime=\"2025-11-22T09:20:40+01:00\" class=\"wp-block-latest-posts__post-date\">2025-11-22<\/time><\/li>\n<li><a class=\"wp-block-latest-posts__post-title\" href=\"https:\/\/karne.pl\/index.php\/z-czego-wynika-wprowadzenie-do-kodeksu-karnego-art-156-%c2%a7-1-pkt-3\/\">Z czego wynika wprowadzenie do Kodeksu Karnego art.156 \u00a7 1 pkt 3?<\/a><time datetime=\"2025-10-17T13:04:05+02:00\" class=\"wp-block-latest-posts__post-date\">2025-10-17<\/time><\/li>\n<li><a class=\"wp-block-latest-posts__post-title\" href=\"https:\/\/karne.pl\/index.php\/kwestionariusz-indywidualnej-oceny-pokrzywdzonego-2\/\">Kwestionariusz indywidualnej oceny pokrzywdzonego<\/a><time datetime=\"2025-09-05T08:30:08+02:00\" class=\"wp-block-latest-posts__post-date\">2025-09-05<\/time><\/li>\n<li><a class=\"wp-block-latest-posts__post-title\" href=\"https:\/\/karne.pl\/index.php\/ochrona-zycia-prywatnego\/\">Ochrona \u017cycia prywatnego<\/a><time datetime=\"2025-08-20T13:18:25+02:00\" class=\"wp-block-latest-posts__post-date\">2025-08-20<\/time><\/li>\n<li><a class=\"wp-block-latest-posts__post-title\" href=\"https:\/\/karne.pl\/index.php\/kwestionariusz-indywidualnej-oceny-pokrzywdzonego\/\">Kwestionariusz indywidualnej oceny pokrzywdzonego<\/a><time datetime=\"2025-07-23T16:57:00+02:00\" class=\"wp-block-latest-posts__post-date\">2025-07-23<\/time><\/li>\n<li><a class=\"wp-block-latest-posts__post-title\" href=\"https:\/\/karne.pl\/index.php\/przywlaszczenie-rzeczy-powierzonej-czy-istotne-sa-nasze-zamiary\/\">Przyw\u0142aszczenie rzeczy powierzonej \u2013 czy istotne s\u0105 nasze zamiary?<\/a><time datetime=\"2025-06-03T15:49:28+02:00\" class=\"wp-block-latest-posts__post-date\">2025-06-03<\/time><\/li>\n<li><a class=\"wp-block-latest-posts__post-title\" href=\"https:\/\/karne.pl\/index.php\/z-czego-wynika-wprowadzenie-do-kk-art-191-b-kk\/\">Z czego wynika wprowadzenie do kk art. 191 b kk?<\/a><time datetime=\"2025-05-25T19:09:53+02:00\" class=\"wp-block-latest-posts__post-date\">2025-05-25<\/time><\/li>\n<li><a class=\"wp-block-latest-posts__post-title\" href=\"https:\/\/karne.pl\/index.php\/podjecie-warunkowo-umorzonego-postepowania\/\">Podj\u0119cie warunkowo umorzonego post\u0119powania<\/a><time datetime=\"2025-04-29T20:14:28+02:00\" class=\"wp-block-latest-posts__post-date\">2025-04-29<\/time><\/li>\n<li><a class=\"wp-block-latest-posts__post-title\" href=\"https:\/\/karne.pl\/index.php\/zastepcza-kara-pozbawienia-wolnosci\/\">Zast\u0119pcza kara pozbawienia wolno\u015bci<\/a><time datetime=\"2025-03-29T20:50:40+01:00\" class=\"wp-block-latest-posts__post-date\">2025-03-29<\/time><\/li>\n<li><a class=\"wp-block-latest-posts__post-title\" href=\"https:\/\/karne.pl\/index.php\/stopien-spolecznej-szkodliwosci\/\">Stopie\u0144 spo\u0142ecznej szkodliwo\u015bci<\/a><time datetime=\"2025-02-03T21:21:58+01:00\" class=\"wp-block-latest-posts__post-date\">2025-02-03<\/time><\/li>\n<li><a class=\"wp-block-latest-posts__post-title\" href=\"https:\/\/karne.pl\/index.php\/obowiazek-doreczania-korespondencji-na-adres-wskazany-przez-podejrzanego\/\">Obowi\u0105zek dor\u0119czania korespondencji na adres wskazany przez podejrzanego<\/a><time datetime=\"2025-01-02T21:20:05+01:00\" class=\"wp-block-latest-posts__post-date\">2025-01-02<\/time><\/li>\n<li><a class=\"wp-block-latest-posts__post-title\" href=\"https:\/\/karne.pl\/index.php\/obligatoryjne-tymczasowe-zajecie-pojazdu-mechanicznego-nowelizacja-ustawy-kodeks-postepowania-karnego\/\">Obligatoryjne tymczasowe zaj\u0119cie pojazdu mechanicznego &#8211; nowelizacja ustawy Kodeks post\u0119powania karnego<\/a><time datetime=\"2024-12-07T18:27:15+01:00\" class=\"wp-block-latest-posts__post-date\">2024-12-07<\/time><\/li>\n<li><a class=\"wp-block-latest-posts__post-title\" href=\"https:\/\/karne.pl\/index.php\/nowelizacja-art-12-%c2%a7-4-kpk\/\">Nowelizacja art. 12 \u00a7 4 kpk<\/a><time datetime=\"2024-11-29T22:07:17+01:00\" class=\"wp-block-latest-posts__post-date\">2024-11-29<\/time><\/li>\n<li><a class=\"wp-block-latest-posts__post-title\" href=\"https:\/\/karne.pl\/index.php\/zmiany-w-kodeksie-karnym-od-13-lutego-2025-r\/\">Zmiany w kodeksie karnym od  13 lutego 2025 r.<\/a><time datetime=\"2024-10-24T21:29:33+02:00\" class=\"wp-block-latest-posts__post-date\">2024-10-24<\/time><\/li>\n<li><a class=\"wp-block-latest-posts__post-title\" href=\"https:\/\/karne.pl\/index.php\/nowelizacja-procedury-karnej-daje-nowe-narzedzia-do-walki-z-grozbami\/\">Nowelizacja procedury karnej daje nowe narz\u0119dzia do walki z gro\u017abami<\/a><time datetime=\"2024-10-11T20:02:52+02:00\" class=\"wp-block-latest-posts__post-date\">2024-10-11<\/time><\/li>\n<li><a class=\"wp-block-latest-posts__post-title\" href=\"https:\/\/karne.pl\/index.php\/asystent-rodziny-w-postepowaniu-karnym\/\">Asystent rodziny w post\u0119powaniu karnym<\/a><time datetime=\"2024-08-30T20:20:57+02:00\" class=\"wp-block-latest-posts__post-date\">2024-08-30<\/time><\/li>\n<li><a class=\"wp-block-latest-posts__post-title\" href=\"https:\/\/karne.pl\/index.php\/pomocnik-a-poplecznik-synonimy-czy-rozne-zjawiska\/\">Pomocnik, a poplecznik \u2013 synonimy, czy r\u00f3\u017cne zjawiska?<\/a><time datetime=\"2024-07-31T20:40:17+02:00\" class=\"wp-block-latest-posts__post-date\">2024-07-31<\/time><\/li>\n<li><a class=\"wp-block-latest-posts__post-title\" href=\"https:\/\/karne.pl\/index.php\/niedopuszczalnosc-laczenia-kary-zastepczej\/\">Niedopuszczalno\u015b\u0107 \u0142\u0105czenia kary zast\u0119pczej<\/a><time datetime=\"2024-06-18T20:25:13+02:00\" class=\"wp-block-latest-posts__post-date\">2024-06-18<\/time><\/li>\n<li><a class=\"wp-block-latest-posts__post-title\" href=\"https:\/\/karne.pl\/index.php\/sposob-obliczania-okresu-proby\/\">Spos\u00f3b obliczania okresu pr\u00f3by<\/a><time datetime=\"2024-06-08T20:39:54+02:00\" class=\"wp-block-latest-posts__post-date\">2024-06-08<\/time><\/li>\n<li><a class=\"wp-block-latest-posts__post-title\" href=\"https:\/\/karne.pl\/index.php\/przepadek-samochodu\/\">Przepadek samochodu<\/a><time datetime=\"2024-04-11T20:05:07+02:00\" class=\"wp-block-latest-posts__post-date\">2024-04-11<\/time><\/li>\n<li><a class=\"wp-block-latest-posts__post-title\" href=\"https:\/\/karne.pl\/index.php\/ustawa-wzgledniejsza-definicja\/\">Ustawa wzgl\u0119dniejsza &#8211; definicja<\/a><time datetime=\"2024-04-02T11:08:05+02:00\" class=\"wp-block-latest-posts__post-date\">2024-04-02<\/time><\/li>\n<li><a class=\"wp-block-latest-posts__post-title\" href=\"https:\/\/karne.pl\/index.php\/przerwa-wykonania-kary-pozbawienia-wolnosci\/\">Przerwa wykonania kary pozbawienia wolno\u015bci<\/a><time datetime=\"2024-02-10T19:44:26+01:00\" class=\"wp-block-latest-posts__post-date\">2024-02-10<\/time><\/li>\n<li><a class=\"wp-block-latest-posts__post-title\" href=\"https:\/\/karne.pl\/index.php\/postepowanie-nakazowe\/\">Post\u0119powanie nakazowe<\/a><time datetime=\"2024-01-19T20:00:29+01:00\" class=\"wp-block-latest-posts__post-date\">2024-01-19<\/time><\/li>\n<li><a class=\"wp-block-latest-posts__post-title\" href=\"https:\/\/karne.pl\/index.php\/przekazania-sprawy-do-rozpoznania-innemu-sadowi-rownorzednemu\/\">Przekazania sprawy do rozpoznania innemu s\u0105dowi r\u00f3wnorz\u0119dnemu<\/a><time datetime=\"2023-12-19T10:12:42+01:00\" class=\"wp-block-latest-posts__post-date\">2023-12-19<\/time><\/li>\n<li><a class=\"wp-block-latest-posts__post-title\" href=\"https:\/\/karne.pl\/index.php\/przepadek-psa-rasy-chart\/\">Przepadek psa rasy chart<\/a><time datetime=\"2023-11-29T20:16:25+01:00\" class=\"wp-block-latest-posts__post-date\">2023-11-29<\/time><\/li>\n<li><a class=\"wp-block-latest-posts__post-title\" href=\"https:\/\/karne.pl\/index.php\/szpiegostwo-karane-do-teraz-znacznie-surowiej\/\">Szpiegostwo karane do teraz znacznie surowiej<\/a><time datetime=\"2023-10-31T20:22:41+01:00\" class=\"wp-block-latest-posts__post-date\">2023-10-31<\/time><\/li>\n<li><a class=\"wp-block-latest-posts__post-title\" href=\"https:\/\/karne.pl\/index.php\/akcja-cywilna-w-postepowaniu-karnym\/\">Akcja cywilna w post\u0119powaniu karnym<\/a><time datetime=\"2023-09-29T20:11:29+02:00\" class=\"wp-block-latest-posts__post-date\">2023-09-29<\/time><\/li>\n<li><a class=\"wp-block-latest-posts__post-title\" href=\"https:\/\/karne.pl\/index.php\/obserwacja-w-zamknietym-zakladzie-art-203-kpk\/\">Obserwacja w zamkni\u0119tym zak\u0142adzie (art. 203 kpk)<\/a><time datetime=\"2023-08-28T20:00:16+02:00\" class=\"wp-block-latest-posts__post-date\">2023-08-28<\/time><\/li>\n<li><a class=\"wp-block-latest-posts__post-title\" href=\"https:\/\/karne.pl\/index.php\/recydywa\/\">Recydywa<\/a><time datetime=\"2023-07-29T10:53:15+02:00\" class=\"wp-block-latest-posts__post-date\">2023-07-29<\/time><\/li>\n<li><a class=\"wp-block-latest-posts__post-title\" href=\"https:\/\/karne.pl\/index.php\/umorzenie-postepowania-karnego\/\">Umorzenie post\u0119powania karnego z powodu oczywistego braku faktycznych podstaw oskar\u017cenia na podstawie art. 339 \u00a7 3 pkt 2 k.p.k.<\/a><time datetime=\"2023-06-14T21:45:44+02:00\" class=\"wp-block-latest-posts__post-date\">2023-06-14<\/time><\/li>\n<li><a class=\"wp-block-latest-posts__post-title\" href=\"https:\/\/karne.pl\/index.php\/zmiany-w-kodeksie-karnym-w-2023-roku\/\">Zmiany w Kodeksie Karnym w 2023 roku<\/a><time datetime=\"2023-05-17T21:51:18+02:00\" class=\"wp-block-latest-posts__post-date\">2023-05-17<\/time><\/li>\n<li><a class=\"wp-block-latest-posts__post-title\" href=\"https:\/\/karne.pl\/index.php\/spoleczna-szkodliwosc-czynu-jako-konstytutywny-element-przestepstwa\/\">Spo\u0142eczna szkodliwo\u015b\u0107 czynu jako konstytutywny element przest\u0119pstwa<\/a><time datetime=\"2023-04-11T13:33:23+02:00\" class=\"wp-block-latest-posts__post-date\">2023-04-11<\/time><\/li>\n<li><a class=\"wp-block-latest-posts__post-title\" href=\"https:\/\/karne.pl\/index.php\/znikomosc-spolecznej-szkodliwosci-czynu\/\">Znikomo\u015b\u0107 spo\u0142ecznej szkodliwo\u015bci czynu.<\/a><time datetime=\"2023-03-01T20:18:19+01:00\" class=\"wp-block-latest-posts__post-date\">2023-03-01<\/time><\/li>\n<li><a class=\"wp-block-latest-posts__post-title\" href=\"https:\/\/karne.pl\/index.php\/przesluchanie-osob-maloletnich\/\">Przes\u0142uchanie os\u00f3b ma\u0142oletnich<\/a><time datetime=\"2023-02-01T15:19:24+01:00\" class=\"wp-block-latest-posts__post-date\">2023-02-01<\/time><\/li>\n<li><a class=\"wp-block-latest-posts__post-title\" href=\"https:\/\/karne.pl\/index.php\/niebieska-karta-a-art-207-k-k\/\">Niebieska Karta, a art. 207 k.k.<\/a><time datetime=\"2023-01-02T12:12:47+01:00\" class=\"wp-block-latest-posts__post-date\">2023-01-02<\/time><\/li>\n<li><a class=\"wp-block-latest-posts__post-title\" href=\"https:\/\/karne.pl\/index.php\/handel-ludzmi-jako-przestepstwo-przeciwko-wolnosci\/\">Handel lud\u017ami jako przest\u0119pstwo przeciwko wolno\u015bci<\/a><time datetime=\"2022-12-05T13:00:16+01:00\" class=\"wp-block-latest-posts__post-date\">2022-12-05<\/time><\/li>\n<li><a class=\"wp-block-latest-posts__post-title\" href=\"https:\/\/karne.pl\/index.php\/pozyskiwanie-dowodow-w-procesie-karnym\/\">Pozyskiwanie dowod\u00f3w w procesie karnym<\/a><time datetime=\"2022-11-02T14:23:45+01:00\" class=\"wp-block-latest-posts__post-date\">2022-11-02<\/time><\/li>\n<li><a class=\"wp-block-latest-posts__post-title\" href=\"https:\/\/karne.pl\/index.php\/nielegalna-adopcja\/\">Nielegalna adopcja<\/a><time datetime=\"2022-10-05T21:38:52+02:00\" class=\"wp-block-latest-posts__post-date\">2022-10-05<\/time><\/li>\n<li><a class=\"wp-block-latest-posts__post-title\" href=\"https:\/\/karne.pl\/index.php\/obiektywne-przypisanie-skutku-przy-wypadku-drogowym\/\">Obiektywne przypisanie skutku przy wypadku drogowym<\/a><time datetime=\"2022-09-01T21:26:11+02:00\" class=\"wp-block-latest-posts__post-date\">2022-09-01<\/time><\/li>\n<li><a class=\"wp-block-latest-posts__post-title\" href=\"https:\/\/karne.pl\/index.php\/wyjatek-od-obowiazkowego-wiezienia\/\">Wyj\u0105tek od obowi\u0105zkowego wi\u0119zienia<\/a><time datetime=\"2022-08-01T21:26:12+02:00\" class=\"wp-block-latest-posts__post-date\">2022-08-01<\/time><\/li>\n<li><a class=\"wp-block-latest-posts__post-title\" href=\"https:\/\/karne.pl\/index.php\/ocena-przez-sad-spolecznej-szkodliwosci-czynu\/\">Ocena przez s\u0105d spo\u0142ecznej szkodliwo\u015bci czynu<\/a><time datetime=\"2022-07-18T10:12:36+02:00\" class=\"wp-block-latest-posts__post-date\">2022-07-18<\/time><\/li>\n<li><a class=\"wp-block-latest-posts__post-title\" href=\"https:\/\/karne.pl\/index.php\/orzekanie-przez-sedziego-w-stanie-nietrzezwosci\/\">Orzekanie przez s\u0119dziego w stanie nietrze\u017awo\u015bci<\/a><time datetime=\"2022-06-05T21:34:55+02:00\" class=\"wp-block-latest-posts__post-date\">2022-06-05<\/time><\/li>\n<li><a class=\"wp-block-latest-posts__post-title\" href=\"https:\/\/karne.pl\/index.php\/nowelizacja-kpc-art-753\/\">Nowelizacja KPC- Art.  753. Udzielenie zabezpieczenia w formie miesi\u0119cznego \u015bwiadczenia na zapewnienie \u015brodk\u00f3w utrzymania<\/a><time datetime=\"2022-05-28T21:53:12+02:00\" class=\"wp-block-latest-posts__post-date\">2022-05-28<\/time><\/li>\n<li><a class=\"wp-block-latest-posts__post-title\" href=\"https:\/\/karne.pl\/index.php\/srodki-zapobiegawcze-co-warto-wiedziec\/\">\u015arodki zapobiegawcze \u2013 co warto wiedzie\u0107?<\/a><time datetime=\"2022-04-27T14:08:39+02:00\" class=\"wp-block-latest-posts__post-date\">2022-04-27<\/time><\/li>\n<li><a class=\"wp-block-latest-posts__post-title\" href=\"https:\/\/karne.pl\/index.php\/zmiana-w-kodeksie-karnym-falszywy-alarm\/\">Zmiana w kodeksie karnym \u2013 fa\u0142szywy alarm<\/a><time datetime=\"2022-03-26T23:52:04+01:00\" class=\"wp-block-latest-posts__post-date\">2022-03-26<\/time><\/li>\n<li><a class=\"wp-block-latest-posts__post-title\" href=\"https:\/\/karne.pl\/index.php\/czym-jest-zastepcza-kara-pozbawienia-wolnosci\/\">Czym jest zast\u0119pcza kara pozbawienia wolno\u015bci ?<\/a><time datetime=\"2022-02-02T08:07:36+01:00\" class=\"wp-block-latest-posts__post-date\">2022-02-02<\/time><\/li>\n<li><a class=\"wp-block-latest-posts__post-title\" href=\"https:\/\/karne.pl\/index.php\/miedzynarodowy-trybunal-karny-w-hadze\/\">Mi\u0119dzynarodowy Trybuna\u0142 Karny w Hadze<\/a><time datetime=\"2022-01-09T21:38:23+01:00\" class=\"wp-block-latest-posts__post-date\">2022-01-09<\/time><\/li>\n<li><a class=\"wp-block-latest-posts__post-title\" href=\"https:\/\/karne.pl\/index.php\/kontakty-z-osoba-tymczasowo-aresztowana\/\">Kontakty z osob\u0105 tymczasowo aresztowan\u0105<\/a><time datetime=\"2021-12-02T08:13:42+01:00\" class=\"wp-block-latest-posts__post-date\">2021-12-02<\/time><\/li>\n<li><a class=\"wp-block-latest-posts__post-title\" href=\"https:\/\/karne.pl\/index.php\/jazda-po-pijanemu-warunkowe-umorzenie-postepowania\/\">Jazda po pijanemu \u2013 warunkowe umorzenie post\u0119powania<\/a><time datetime=\"2021-11-25T15:23:34+01:00\" class=\"wp-block-latest-posts__post-date\">2021-11-25<\/time><\/li>\n<li><a class=\"wp-block-latest-posts__post-title\" href=\"https:\/\/karne.pl\/index.php\/jakie-sa-warunki-i-tryb-orzekania-o-udzieleniu-skazanemu-zezwolenia-na-odbycie-kary-pozbawienia-wolnosci-w-systemie-dozoru-elektronicznego\/\">Jakie s\u0105 warunki i tryb orzekania o udzieleniu skazanemu zezwolenia na odbycie kary pozbawienia wolno\u015bci w systemie dozoru elektronicznego?<\/a><time datetime=\"2021-11-08T14:49:28+01:00\" class=\"wp-block-latest-posts__post-date\">2021-11-08<\/time><\/li>\n<li><a class=\"wp-block-latest-posts__post-title\" href=\"https:\/\/karne.pl\/index.php\/bezwzgledna-kara-pozbawienia-wolnosci-podstawa-skargi-kasacyjnej\/\">Bezwzgl\u0119dna kara pozbawienia wolno\u015bci podstaw\u0105 skargi kasacyjnej<\/a><time datetime=\"2021-09-13T15:43:39+02:00\" class=\"wp-block-latest-posts__post-date\">2021-09-13<\/time><\/li>\n<li><a class=\"wp-block-latest-posts__post-title\" href=\"https:\/\/karne.pl\/index.php\/konsekwencje-nieobecnosci-prokuratora-na-rozprawie\/\">Konsekwencje nieobecno\u015bci prokuratora na rozprawie<\/a><time datetime=\"2021-08-04T15:03:53+02:00\" class=\"wp-block-latest-posts__post-date\">2021-08-04<\/time><\/li>\n<li><a class=\"wp-block-latest-posts__post-title\" href=\"https:\/\/karne.pl\/index.php\/przestepstwa-z-ustawy-o-prawach-autorskich-i-prawach-pokrewnych\/\">Przest\u0119pstwa z ustawy o prawach autorskich i prawach pokrewnych<\/a><time datetime=\"2021-07-16T20:20:07+02:00\" class=\"wp-block-latest-posts__post-date\">2021-07-16<\/time><\/li>\n<li><a class=\"wp-block-latest-posts__post-title\" href=\"https:\/\/karne.pl\/index.php\/pojecie-przestepstwa-z-uzyciem-przemocy-z-art-41a-%c2%a7-1-kodeksu-karnego\/\">Poj\u0119cie \u201eprzest\u0119pstwa z u\u017cyciem przemocy\u201d z art. 41a \u00a7 1 Kodeksu karnego<\/a><time datetime=\"2021-06-24T19:16:29+02:00\" class=\"wp-block-latest-posts__post-date\">2021-06-24<\/time><\/li>\n<li><a class=\"wp-block-latest-posts__post-title\" href=\"https:\/\/karne.pl\/index.php\/umieszczenie-w-zakladzie-psychiatrycznym\/\">Umieszczenie w zak\u0142adzie psychiatrycznym<\/a><time datetime=\"2021-05-04T23:04:48+02:00\" class=\"wp-block-latest-posts__post-date\">2021-05-04<\/time><\/li>\n<li><a class=\"wp-block-latest-posts__post-title\" href=\"https:\/\/karne.pl\/index.php\/zly-stan-zdrowia-nie-moze-byc-podstawa-wstrzymania-wykonania-orzeczenia\/\">Z\u0142y stan zdrowia nie mo\u017ce by\u0107 podstaw\u0105 wstrzymania wykonania orzeczenia<\/a><time datetime=\"2021-04-09T18:02:58+02:00\" class=\"wp-block-latest-posts__post-date\">2021-04-09<\/time><\/li>\n<li><a class=\"wp-block-latest-posts__post-title\" href=\"https:\/\/karne.pl\/index.php\/odpowiedzialnosc-karna-za-plagiat\/\">Odpowiedzialno\u015b\u0107 karna za plagiat<\/a><time datetime=\"2021-03-04T19:03:14+01:00\" class=\"wp-block-latest-posts__post-date\">2021-03-04<\/time><\/li>\n<li><a class=\"wp-block-latest-posts__post-title\" href=\"https:\/\/karne.pl\/index.php\/umieszczenie-skazanego-w-zakladzie-leczniczym-w-zwiazku-z-covid-19\/\">Umieszczenie skazanego w zak\u0142adzie leczniczym w zwi\u0105zku z COVID-19<\/a><time datetime=\"2021-02-04T19:42:26+01:00\" class=\"wp-block-latest-posts__post-date\">2021-02-04<\/time><\/li>\n<li><a class=\"wp-block-latest-posts__post-title\" href=\"https:\/\/karne.pl\/index.php\/wykonywanie-kary-w-czasie-pandemii\/\">Wykonywanie kary w czasie pandemii<\/a><time datetime=\"2021-01-04T17:23:50+01:00\" class=\"wp-block-latest-posts__post-date\">2021-01-04<\/time><\/li>\n<li><a class=\"wp-block-latest-posts__post-title\" href=\"https:\/\/karne.pl\/index.php\/dostep-do-akt-postepowania\/\">Dost\u0119p do akt post\u0119powania<\/a><time datetime=\"2020-12-04T18:55:03+01:00\" class=\"wp-block-latest-posts__post-date\">2020-12-04<\/time><\/li>\n<li><a class=\"wp-block-latest-posts__post-title\" href=\"https:\/\/karne.pl\/index.php\/zmiany-art-37a-kodeksu-karnego\/\">Zmiany art. 37a Kodeksu karnego<\/a><time datetime=\"2020-11-03T19:45:32+01:00\" class=\"wp-block-latest-posts__post-date\">2020-11-03<\/time><\/li>\n<li><a class=\"wp-block-latest-posts__post-title\" href=\"https:\/\/karne.pl\/index.php\/ograniczenie-poczytalnosci-jako-okolicznosc-uwzgledniana-przez-sad-przy-wymiarze-kary\/\">Ograniczenie poczytalno\u015bci jako okoliczno\u015b\u0107 uwzgl\u0119dniana przez s\u0105d przy wymiarze kary<\/a><time datetime=\"2020-10-13T18:59:18+02:00\" class=\"wp-block-latest-posts__post-date\">2020-10-13<\/time><\/li>\n<li><a class=\"wp-block-latest-posts__post-title\" href=\"https:\/\/karne.pl\/index.php\/zmiany-w-karnym-postepowaniu-odwolawczym\/\">Zmiany w karnym post\u0119powaniu odwo\u0142awczym<\/a><time datetime=\"2020-09-02T13:05:38+02:00\" class=\"wp-block-latest-posts__post-date\">2020-09-02<\/time><\/li>\n<li><a class=\"wp-block-latest-posts__post-title\" href=\"https:\/\/karne.pl\/index.php\/subsydiarny-akt-oskarzenia\/\">Subsydiarny akt oskar\u017cenia<\/a><time datetime=\"2020-08-03T18:25:26+02:00\" class=\"wp-block-latest-posts__post-date\">2020-08-03<\/time><\/li>\n<li><a class=\"wp-block-latest-posts__post-title\" href=\"https:\/\/karne.pl\/index.php\/sprzeciw-prokuratora-w-sprawie-tymczasowego-aresztowania\/\">Sprzeciw prokuratora w sprawie tymczasowego aresztowania<\/a><time datetime=\"2020-07-09T08:23:38+02:00\" class=\"wp-block-latest-posts__post-date\">2020-07-09<\/time><\/li>\n<li><a class=\"wp-block-latest-posts__post-title\" href=\"https:\/\/karne.pl\/index.php\/co-grozi-swiadkowi-ktory-sklada-falszywe-zeznania-w-obawie-przed-grozaca-odpowiedzialnoscia-karna\/\">Co grozi \u015bwiadkowi, kt\u00f3ry sk\u0142ada fa\u0142szywe zeznania w obawie przed gro\u017c\u0105c\u0105 odpowiedzialno\u015bci\u0105 karn\u0105?<\/a><time datetime=\"2020-06-01T19:27:37+02:00\" class=\"wp-block-latest-posts__post-date\">2020-06-01<\/time><\/li>\n<li><a class=\"wp-block-latest-posts__post-title\" href=\"https:\/\/karne.pl\/index.php\/nieobecnosc-oskarzonego-na-rozprawie\/\">Nieobecno\u015b\u0107 oskar\u017conego na rozprawie<\/a><time datetime=\"2020-05-07T18:09:52+02:00\" class=\"wp-block-latest-posts__post-date\">2020-05-07<\/time><\/li>\n<li><a class=\"wp-block-latest-posts__post-title\" href=\"https:\/\/karne.pl\/index.php\/prekluzja-dowodowa-usprawnienie-czy-zagrozenie\/\">Prekluzja dowodowa \u2013 usprawnienie czy zagro\u017cenie?<\/a><time datetime=\"2020-04-04T13:52:21+02:00\" class=\"wp-block-latest-posts__post-date\">2020-04-04<\/time><\/li>\n<li><a class=\"wp-block-latest-posts__post-title\" href=\"https:\/\/karne.pl\/index.php\/odpowiedzialnosc-slupa\/\">Odpowiedzialno\u015b\u0107 &#8222;s\u0142upa&#8221;<\/a><time datetime=\"2020-02-11T16:41:41+01:00\" class=\"wp-block-latest-posts__post-date\">2020-02-11<\/time><\/li>\n<li><a class=\"wp-block-latest-posts__post-title\" href=\"https:\/\/karne.pl\/index.php\/dostep-do-akt\/\">Dost\u0119p do akt<\/a><time datetime=\"2019-09-25T09:05:19+02:00\" class=\"wp-block-latest-posts__post-date\">2019-09-25<\/time><\/li>\n<li><a class=\"wp-block-latest-posts__post-title\" href=\"https:\/\/karne.pl\/index.php\/przepadek-2\/\">Przepadek<\/a><time datetime=\"2019-05-09T15:19:31+02:00\" class=\"wp-block-latest-posts__post-date\">2019-05-09<\/time><\/li>\n<li><a class=\"wp-block-latest-posts__post-title\" href=\"https:\/\/karne.pl\/index.php\/zmiana-w-kodeksie-wykroczen-dotyczaca-przywlaszczenia-lub-kradziezy\/\">Zmiana w kodeksie wykrocze\u0144, dotycz\u0105ca przyw\u0142aszczenia lub kradzie\u017cy<\/a><time datetime=\"2018-12-21T11:40:41+01:00\" class=\"wp-block-latest-posts__post-date\">2018-12-21<\/time><\/li>\n<li><a class=\"wp-block-latest-posts__post-title\" href=\"https:\/\/karne.pl\/index.php\/rejestr-sprawcow-przestepstw-na-tle-seksualnym\/\">Rejestr Sprawc\u00f3w Przest\u0119pstw na Tle Seksualnym<\/a><time datetime=\"2018-10-08T19:10:00+02:00\" class=\"wp-block-latest-posts__post-date\">2018-10-08<\/time><\/li>\n<li><a class=\"wp-block-latest-posts__post-title\" href=\"https:\/\/karne.pl\/index.php\/dopalacze\/\">Dopalacze<\/a><time datetime=\"2018-09-03T10:55:37+02:00\" class=\"wp-block-latest-posts__post-date\">2018-09-03<\/time><\/li>\n<li><a class=\"wp-block-latest-posts__post-title\" href=\"https:\/\/karne.pl\/index.php\/przestepstwo-niealimentacji\/\">Przest\u0119pstwo niealimentacji<\/a><time datetime=\"2018-08-21T19:01:00+02:00\" class=\"wp-block-latest-posts__post-date\">2018-08-21<\/time><\/li>\n<li><a class=\"wp-block-latest-posts__post-title\" href=\"https:\/\/karne.pl\/index.php\/kara-laczna-i-wyrok-laczny-czym-wlasciwie-sa-2\/\">Kara \u0142\u0105czna i wyrok \u0142\u0105czny \u2013 czym w\u0142a\u015bciwie s\u0105?<\/a><time datetime=\"2018-03-05T09:46:11+01:00\" class=\"wp-block-latest-posts__post-date\">2018-03-05<\/time><\/li>\n<li><a class=\"wp-block-latest-posts__post-title\" href=\"https:\/\/karne.pl\/index.php\/jaka-ilosc-srodkow-odurzajacych-jest-znaczna\/\">Jaka ilo\u015b\u0107 \u015brodk\u00f3w odurzaj\u0105cych jest \u201cznaczna\u201d?<\/a><time datetime=\"2018-02-22T18:01:12+01:00\" class=\"wp-block-latest-posts__post-date\">2018-02-22<\/time><\/li>\n<li><a class=\"wp-block-latest-posts__post-title\" href=\"https:\/\/karne.pl\/index.php\/zmiany-w-prawie-karnym-w-2017r\/\">Zmiany w prawie karnym w 2017r.<\/a><time datetime=\"2017-09-06T19:19:46+02:00\" class=\"wp-block-latest-posts__post-date\">2017-09-06<\/time><\/li>\n<li><a class=\"wp-block-latest-posts__post-title\" href=\"https:\/\/karne.pl\/index.php\/odpowiedzialnosc-za-wypadek-drogowy\/\">Odpowiedzialno\u015b\u0107 za wypadek drogowy<\/a><time datetime=\"2016-12-19T13:24:55+01:00\" class=\"wp-block-latest-posts__post-date\">2016-12-19<\/time><\/li>\n<li><a class=\"wp-block-latest-posts__post-title\" href=\"https:\/\/karne.pl\/index.php\/przestepstwa-na-tle-seksualnym-wobec-maloletnich\/\">Przest\u0119pstwa przeciwko wolno\u015bci seksualnej i obyczajno\u015bci ma\u0142oletnich<\/a><time datetime=\"2016-11-29T14:46:33+01:00\" class=\"wp-block-latest-posts__post-date\">2016-11-29<\/time><\/li>\n<li><a class=\"wp-block-latest-posts__post-title\" href=\"https:\/\/karne.pl\/index.php\/zmiany-art-75-kodeksu-karnego\/\">Zmiany w art. 75 Kodeksu karnego i wznowienie post\u0119powania<\/a><time datetime=\"2016-11-12T10:32:56+01:00\" class=\"wp-block-latest-posts__post-date\">2016-11-12<\/time><\/li>\n<li><a class=\"wp-block-latest-posts__post-title\" href=\"https:\/\/karne.pl\/index.php\/nowelizacje-prawa-karnego\/\">Nowelizacje prawa karnego<\/a><time datetime=\"2016-08-10T20:43:34+02:00\" class=\"wp-block-latest-posts__post-date\">2016-08-10<\/time><\/li>\n<\/ul>","protected":false},"excerpt":{"rendered":"<p>Aktualne przepisy i zmiany w Prawie Karnym<\/p>\n","protected":false},"author":1,"featured_media":0,"parent":0,"menu_order":0,"comment_status":"closed","ping_status":"closed","template":"wp-custom-template-strona-pl","meta":{"footnotes":""},"class_list":["post-298","page","type-page","status-publish","hentry"],"_links":{"self":[{"href":"https:\/\/karne.pl\/index.php\/wp-json\/wp\/v2\/pages\/298","targetHints":{"allow":["GET"]}}],"collection":[{"href":"https:\/\/karne.pl\/index.php\/wp-json\/wp\/v2\/pages"}],"about":[{"href":"https:\/\/karne.pl\/index.php\/wp-json\/wp\/v2\/types\/page"}],"author":[{"embeddable":true,"href":"https:\/\/karne.pl\/index.php\/wp-json\/wp\/v2\/users\/1"}],"replies":[{"embeddable":true,"href":"https:\/\/karne.pl\/index.php\/wp-json\/wp\/v2\/comments?post=298"}],"version-history":[{"count":4,"href":"https:\/\/karne.pl\/index.php\/wp-json\/wp\/v2\/pages\/298\/revisions"}],"predecessor-version":[{"id":383,"href":"https:\/\/karne.pl\/index.php\/wp-json\/wp\/v2\/pages\/298\/revisions\/383"}],"wp:attachment":[{"href":"https:\/\/karne.pl\/index.php\/wp-json\/wp\/v2\/media?parent=298"}],"curies":[{"name":"wp","href":"https:\/\/api.w.org\/{rel}","templated":true}]}}